{"id":13,"date":"2024-11-05T16:49:12","date_gmt":"2024-11-05T16:49:12","guid":{"rendered":"https:\/\/eris-ie.crfptic.es\/?page_id=13"},"modified":"2025-11-04T16:47:34","modified_gmt":"2025-11-04T16:47:34","slug":"red-de-centros","status":"publish","type":"page","link":"https:\/\/eris-ie.crfptic.es\/pt\/red-de-centros\/","title":{"rendered":"Rede de escolas"},"content":{"rendered":"<div data-elementor-type=\"wp-page\" data-elementor-id=\"13\" class=\"elementor elementor-13\" data-elementor-post-type=\"page\">\n\t\t\t\t<div class=\"elementor-element elementor-element-59f421a e-flex e-con-boxed e-con e-parent\" data-id=\"59f421a\" data-element_type=\"container\" data-settings=\"{&quot;background_background&quot;:&quot;classic&quot;,&quot;shape_divider_bottom&quot;:&quot;waves&quot;}\">\n\t\t\t\t\t<div class=\"e-con-inner\">\n\t\t\t\t<div class=\"elementor-shape elementor-shape-bottom\" aria-hidden=\"true\" data-negative=\"false\">\n\t\t\t<svg xmlns=\"http:\/\/www.w3.org\/2000\/svg\" viewbox=\"0 0 1000 100\" preserveaspectratio=\"none\">\n\t<path class=\"elementor-shape-fill\" d=\"M421.9,6.5c22.6-2.5,51.5,0.4,75.5,5.3c23.6,4.9,70.9,23.5,100.5,35.7c75.8,32.2,133.7,44.5,192.6,49.7\tc23.6,2.1,48.7,3.5,103.4-2.5c54.7-6,106.2-25.6,106.2-25.6V0H0v30.3c0,0,72,32.6,158.4,30.5c39.2-0.7,92.8-6.7,134-22.4\tc21.2-8.1,52.2-18.2,79.7-24.2C399.3,7.9,411.6,7.5,421.9,6.5z\"\/>\n<\/svg>\t\t<\/div>\n\t\t\t\t<div class=\"elementor-element elementor-element-84d3001 elementor-widget elementor-widget-heading\" data-id=\"84d3001\" data-element_type=\"widget\" data-widget_type=\"heading.default\">\n\t\t\t\t<div class=\"elementor-widget-container\">\n\t\t\t\t\t<h2 class=\"elementor-heading-title elementor-size-default\">Rede de escolas<\/h2>\t\t\t\t<\/div>\n\t\t\t\t<\/div>\n\t\t\t\t<div class=\"elementor-element elementor-element-639cf71 elementor-widget-divider--view-line elementor-widget elementor-widget-divider\" data-id=\"639cf71\" data-element_type=\"widget\" data-widget_type=\"divider.default\">\n\t\t\t\t<div class=\"elementor-widget-container\">\n\t\t\t\t\t\t\t<div class=\"elementor-divider\">\n\t\t\t<span class=\"elementor-divider-separator\">\n\t\t\t\t\t\t<\/span>\n\t\t<\/div>\n\t\t\t\t\t\t<\/div>\n\t\t\t\t<\/div>\n\t\t\t\t<div class=\"elementor-element elementor-element-3fdd75b elementor-invisible elementor-widget elementor-widget-image\" data-id=\"3fdd75b\" data-element_type=\"widget\" data-settings=\"{&quot;_animation&quot;:&quot;fadeIn&quot;}\" data-widget_type=\"image.default\">\n\t\t\t\t<div class=\"elementor-widget-container\">\n\t\t\t\t\t\t\t\t\t\t\t\t\t\t\t<img fetchpriority=\"high\" decoding=\"async\" width=\"1393\" height=\"376\" src=\"https:\/\/eris-ie.crfptic.es\/wp-content\/uploads\/2025\/02\/Interreg-Logo-Espana-Portugal-RGB-Color-neg-03.png\" class=\"attachment-full size-full wp-image-181\" alt=\"\" srcset=\"https:\/\/eris-ie.crfptic.es\/wp-content\/uploads\/2025\/02\/Interreg-Logo-Espana-Portugal-RGB-Color-neg-03.png 1393w, https:\/\/eris-ie.crfptic.es\/wp-content\/uploads\/2025\/02\/Interreg-Logo-Espana-Portugal-RGB-Color-neg-03-300x81.png 300w, https:\/\/eris-ie.crfptic.es\/wp-content\/uploads\/2025\/02\/Interreg-Logo-Espana-Portugal-RGB-Color-neg-03-1024x276.png 1024w, https:\/\/eris-ie.crfptic.es\/wp-content\/uploads\/2025\/02\/Interreg-Logo-Espana-Portugal-RGB-Color-neg-03-768x207.png 768w, https:\/\/eris-ie.crfptic.es\/wp-content\/uploads\/2025\/02\/Interreg-Logo-Espana-Portugal-RGB-Color-neg-03-18x5.png 18w\" sizes=\"(max-width: 1393px) 100vw, 1393px\" \/>\t\t\t\t\t\t\t\t\t\t\t\t\t\t\t<\/div>\n\t\t\t\t<\/div>\n\t\t\t\t\t<\/div>\n\t\t\t\t<\/div>\n\t\t<div class=\"elementor-element elementor-element-f915273 e-flex e-con-boxed elementor-invisible e-con e-parent\" data-id=\"f915273\" data-element_type=\"container\" data-settings=\"{&quot;animation&quot;:&quot;fadeInUp&quot;}\">\n\t\t\t\t\t<div class=\"e-con-inner\">\n\t\t\t\t<div class=\"elementor-element elementor-element-86236e3 elementor-widget elementor-widget-heading\" data-id=\"86236e3\" data-element_type=\"widget\" data-widget_type=\"heading.default\">\n\t\t\t\t<div class=\"elementor-widget-container\">\n\t\t\t\t\t<h2 class=\"elementor-heading-title elementor-size-default\">REDE DE ESCOLAS ERIS_IE<\/h2>\t\t\t\t<\/div>\n\t\t\t\t<\/div>\n\t\t\t\t<div class=\"elementor-element elementor-element-a42105d elementor-widget-divider--view-line elementor-widget elementor-widget-divider\" data-id=\"a42105d\" data-element_type=\"widget\" data-widget_type=\"divider.default\">\n\t\t\t\t<div class=\"elementor-widget-container\">\n\t\t\t\t\t\t\t<div class=\"elementor-divider\">\n\t\t\t<span class=\"elementor-divider-separator\">\n\t\t\t\t\t\t<\/span>\n\t\t<\/div>\n\t\t\t\t\t\t<\/div>\n\t\t\t\t<\/div>\n\t\t\t\t<div class=\"elementor-element elementor-element-37893a1 elementor-widget elementor-widget-text-editor\" data-id=\"37893a1\" data-element_type=\"widget\" data-widget_type=\"text-editor.default\">\n\t\t\t\t<div class=\"elementor-widget-container\">\n\t\t\t\t\t\t\t\t\t<p>A cria\u00e7\u00e3o da Rede de Escolas ERIS-IE teve como objetivo estruturar a participa\u00e7\u00e3o dos alunos, dos seus docentes e dos elementos da Dire\u00e7\u00e3o em projetos de inova\u00e7\u00e3o educativa e em atividades de forma\u00e7\u00e3o de professores e, deste modo, promover a concretiza\u00e7\u00e3o de um dos objetivos do POCTEP: a forma\u00e7\u00e3o de alunos em maior risco de exclus\u00e3o para permitir o seu acesso a empregos de qualidade na sua \u00e1rea geogr\u00e1fica. Desta forma, o projeto ERIS_IE associou-se \u00e0s prioridades e objetivos do POCTEP como resposta aos desafios transfronteiri\u00e7os.<\/p>\t\t\t\t\t\t\t\t<\/div>\n\t\t\t\t<\/div>\n\t\t\t\t\t<\/div>\n\t\t\t\t<\/div>\n\t\t<div class=\"elementor-element elementor-element-71acae5 e-flex e-con-boxed elementor-invisible e-con e-parent\" data-id=\"71acae5\" data-element_type=\"container\" data-settings=\"{&quot;animation&quot;:&quot;fadeInUp&quot;}\">\n\t\t\t\t\t<div class=\"e-con-inner\">\n\t\t\t\t<div class=\"elementor-element elementor-element-b9892ec elementor-widget elementor-widget-heading\" data-id=\"b9892ec\" data-element_type=\"widget\" data-widget_type=\"heading.default\">\n\t\t\t\t<div class=\"elementor-widget-container\">\n\t\t\t\t\t<h2 class=\"elementor-heading-title elementor-size-default\">CORRESPOND\u00caNCIAS ERIS_IE<\/h2>\t\t\t\t<\/div>\n\t\t\t\t<\/div>\n\t\t\t\t<div class=\"elementor-element elementor-element-308f583 elementor-widget-divider--view-line elementor-widget elementor-widget-divider\" data-id=\"308f583\" data-element_type=\"widget\" data-widget_type=\"divider.default\">\n\t\t\t\t<div class=\"elementor-widget-container\">\n\t\t\t\t\t\t\t<div class=\"elementor-divider\">\n\t\t\t<span class=\"elementor-divider-separator\">\n\t\t\t\t\t\t<\/span>\n\t\t<\/div>\n\t\t\t\t\t\t<\/div>\n\t\t\t\t<\/div>\n\t\t\t\t<div class=\"elementor-element elementor-element-6cb0fb0 elementor-widget elementor-widget-html\" data-id=\"6cb0fb0\" data-element_type=\"widget\" data-widget_type=\"html.default\">\n\t\t\t\t<div class=\"elementor-widget-container\">\n\t\t\t\t\t<!DOCTYPE html>\n<html lang=\"es\">\n<head>\n  <meta charset=\"UTF-8\">\n  <meta name=\"viewport\" content=\"width=device-width, initial-scale=1.0\">\n  <title>Red de Centros ERIS_IE<\/title>\n  <style>\n    body {\n      font-family: Arial, sans-serif;\n      margin: 0;\n      padding: 0;\n    }\n\n    table {\n      width: 100%;\n      border-collapse: collapse;\n    }\n\n    td {\n      text-align: left;\n      padding: 8px;\n      border: 1px solid #ddd;\n    }\n\n    @media screen and (max-width: 768px) {\n      table {\n        border: 0;\n      }\n\n      td {\n        display: block;\n        text-align: right;\n        position: relative;\n        padding-left: 50%;\n      }\n\n      td:before {\n        content: attr(data-label);\n        position: absolute;\n        left: 10px;\n        font-weight: bold;\n      }\n    }\n  <\/style>\n<\/head>\n<body>\n\n  <table>\n    <tbody>\n      <tr>\n        <td><a href=\"http:\/\/ieshermenegildomartinborro.centros.educa.jcyl.es\/sitio\/\" target=\"_blank\">IES Hermenegildo Mart\u00edn Borro<\/a>, Cebreros (\u00c1vila)<\/td>\n        <td><a href=\"https:\/\/portal.aepinhel.org\/index.php\" target=\"_blank\">Agrupamento de Escolas de Pinhel<\/a>, Pinhel<\/td>\n      <\/tr>\n      <tr>\n        <td><a href=\"http:\/\/iespablodiez.centros.educa.jcyl.es\/sitio\/\" target=\"_blank\">IES Pablo D\u00edez<\/a>, Bo\u00f1ar (Le\u00f3n)<\/td>\n        <td><a href=\"https:\/\/aeemidiogarcia.pt\/\" target=\"_blank\">Agrupamento de Escolas Em\u00eddio Garcia<\/a>, Bragan\u00e7a<\/td>\n      <\/tr>\n      <tr>\n        <td><a href=\"http:\/\/iesbergidumflavium.centros.educa.jcyl.es\/sitio\/\" target=\"_blank\">IES Bergidium Flavium<\/a>, Cacabelos (Le\u00f3n)<\/td>\n        <td><a href=\"http:\/\/escolasaopedro.pt\/\" target=\"_blank\">Escola Secund\u00e1ria S\u00e3o Pedro<\/a>, Vila Real<\/td>\n      <\/tr>\n      <tr>\n        <td><a href=\"http:\/\/iesobispoarguelles.centros.educa.jcyl.es\/sitio\/\" target=\"_blank\">IES Obispo Arg\u00fcelles<\/a>, Villablino (Le\u00f3n)<\/td>\n        <td><a href=\"https:\/\/aejm.pt\/portal\/\" target=\"_blank\">Agrupamento de Escolas Dr. J\u00falio Martins<\/a>, Chaves<\/td>\n      <\/tr>\n      <tr>\n        <td><a href=\"http:\/\/iestierradeciudadrodrigo.centros.educa.jcyl.es\/\" target=\"_blank\">IES Tierra de Ciudad Rodrigo<\/a>, Ciudad Rodrigo (Salamanca)<\/td>\n        <td><a href=\"https:\/\/aemirandela.pt\/\" target=\"_blank\">Agrupamento de Escolas de Miranda<\/a>, Miranda<\/td>\n      <\/tr>\n      <tr>\n        <td><a href=\"http:\/\/iesramosdelmanzano.centros.educa.jcyl.es\/sitio\/\" target=\"_blank\">IES Ramos del Manzano<\/a>, Vitigudino (Salamanca)<\/td>\n        <td><a href=\"https:\/\/www.esfundao.pt\/\" target=\"_blank\">Agrupamento de Escolas do Fund\u00e3o<\/a>, Fund\u00e3o<\/td>\n      <\/tr>\n      <tr>\n        <td><a href=\"http:\/\/iesjuanaprimeradecastilla.centros.educa.jcyl.es\/sitio\/\" target=\"_blank\">IES Juana I de Castilla<\/a>, Tordesillas (Valladolid)<\/td>\n        <td><a href=\"https:\/\/www.aemd.pt\/\" target=\"_blank\">Agrupamento de Escolas de Miranda do Douro<\/a>, Miranda do Douro<\/td>\n      <\/tr>\n      <tr>\n        <td><a href=\"http:\/\/iesjorgeguillen.centros.educa.jcyl.es\/sitio\/\" target=\"_blank\">IES Jorge Guill\u00e9n<\/a>, Villal\u00f3n de Campos (Valladolid)<\/td>\n        <td><a href=\"https:\/\/aetrancoso.pt\/\" target=\"_blank\">Agrupamento de Escolas de Trancoso<\/a>, Trancoso<\/td>\n      <\/tr>\n      <tr>\n        <td><a href=\"http:\/\/iesaliste.centros.educa.jcyl.es\/\" target=\"_blank\">IES Aliste<\/a>, Alca\u00f1ices (Zamora)<\/td>\n        <td><a href=\"https:\/\/www.aecastrodaire.com\/\" target=\"_blank\">Agrupamento de Escolas Castro Daire<\/a>, Castro Daire<\/td>\n      <\/tr>\n      <tr>\n        <td><a href=\"http:\/\/iesarribesdesayago.centros.educa.jcyl.es\/\" target=\"_blank\">IES Arribes de Sayago<\/a>, Bermillo de Sayago (Zamora)<\/td>\n        <td><a href=\"https:\/\/esviriato.pt\/\" target=\"_blank\">Escola Secund\u00e1ria Viriato<\/a>, Viseu<\/td>\n      <\/tr>\n    <\/tbody>\n  <\/table>\n\n<\/body>\n<\/html>\t\t\t\t<\/div>\n\t\t\t\t<\/div>\n\t\t\t\t<div class=\"elementor-element elementor-element-b05faa5 elementor-widget elementor-widget-spacer\" data-id=\"b05faa5\" data-element_type=\"widget\" data-widget_type=\"spacer.default\">\n\t\t\t\t<div class=\"elementor-widget-container\">\n\t\t\t\t\t\t\t<div class=\"elementor-spacer\">\n\t\t\t<div class=\"elementor-spacer-inner\"><\/div>\n\t\t<\/div>\n\t\t\t\t\t\t<\/div>\n\t\t\t\t<\/div>\n\t\t\t\t<div class=\"elementor-element elementor-element-3d584da elementor-widget elementor-widget-heading\" data-id=\"3d584da\" data-element_type=\"widget\" data-widget_type=\"heading.default\">\n\t\t\t\t<div class=\"elementor-widget-container\">\n\t\t\t\t\t<h2 class=\"elementor-heading-title elementor-size-default\">MAPA INTERATIVO<\/h2>\t\t\t\t<\/div>\n\t\t\t\t<\/div>\n\t\t\t\t<div class=\"elementor-element elementor-element-9494a31 elementor-widget-divider--view-line elementor-widget elementor-widget-divider\" data-id=\"9494a31\" data-element_type=\"widget\" data-widget_type=\"divider.default\">\n\t\t\t\t<div class=\"elementor-widget-container\">\n\t\t\t\t\t\t\t<div class=\"elementor-divider\">\n\t\t\t<span class=\"elementor-divider-separator\">\n\t\t\t\t\t\t<\/span>\n\t\t<\/div>\n\t\t\t\t\t\t<\/div>\n\t\t\t\t<\/div>\n\t\t\t\t<div class=\"elementor-element elementor-element-2b2717c elementor-widget elementor-widget-html\" data-id=\"2b2717c\" data-element_type=\"widget\" data-widget_type=\"html.default\">\n\t\t\t\t<div class=\"elementor-widget-container\">\n\t\t\t\t\t<iframe width=\"1000\" height=\"600\" frameborder=\"0\" src=\"https:\/\/widgets.scribblemaps.com\/sm\/?d&z&lat=41.921910161&lng=-5.488232535&vz=7&type=hybrid&ti&s&width=1000&height=600&id=2Vq6NlCa86\" style=\"border:0; max-width: 100%;\" allowfullscreen allow=\"geolocation\" loading=\"lazy\"><\/iframe>\t\t\t\t<\/div>\n\t\t\t\t<\/div>\n\t\t\t\t<div class=\"elementor-element elementor-element-6eaf229 elementor-widget elementor-widget-image\" data-id=\"6eaf229\" data-element_type=\"widget\" data-widget_type=\"image.default\">\n\t\t\t\t<div class=\"elementor-widget-container\">\n\t\t\t\t\t\t\t\t\t\t\t\t\t\t\t<img decoding=\"async\" width=\"141\" height=\"107\" src=\"https:\/\/eris-ie.crfptic.es\/wp-content\/uploads\/2024\/11\/Logo-vertical.svg\" class=\"attachment-large size-large wp-image-56\" alt=\"\" \/>\t\t\t\t\t\t\t\t\t\t\t\t\t\t\t<\/div>\n\t\t\t\t<\/div>\n\t\t\t\t\t<\/div>\n\t\t\t\t<\/div>\n\t\t\t\t<\/div>","protected":false},"excerpt":{"rendered":"<p>Red de centros RED DE CENTROS ERIS_IE La creaci\u00f3n de la Red de Centros ERIS-IE ha tenido como objetivo estructurar la participaci\u00f3n de los alumnos, sus docentes y miembros de equipos directivos en los proyectos de innovaci\u00f3n educativa y en las actividades de formaci\u00f3n del profesorado y as\u00ed propiciar la consecuci\u00f3n de uno los objetivos [&hellip;]<\/p>","protected":false},"author":1,"featured_media":0,"parent":0,"menu_order":0,"comment_status":"closed","ping_status":"closed","template":"elementor_header_footer","meta":{"footnotes":""},"class_list":["post-13","page","type-page","status-publish","hentry"],"_links":{"self":[{"href":"https:\/\/eris-ie.crfptic.es\/pt\/wp-json\/wp\/v2\/pages\/13","targetHints":{"allow":["GET"]}}],"collection":[{"href":"https:\/\/eris-ie.crfptic.es\/pt\/wp-json\/wp\/v2\/pages"}],"about":[{"href":"https:\/\/eris-ie.crfptic.es\/pt\/wp-json\/wp\/v2\/types\/page"}],"author":[{"embeddable":true,"href":"https:\/\/eris-ie.crfptic.es\/pt\/wp-json\/wp\/v2\/users\/1"}],"replies":[{"embeddable":true,"href":"https:\/\/eris-ie.crfptic.es\/pt\/wp-json\/wp\/v2\/comments?post=13"}],"version-history":[{"count":53,"href":"https:\/\/eris-ie.crfptic.es\/pt\/wp-json\/wp\/v2\/pages\/13\/revisions"}],"predecessor-version":[{"id":234,"href":"https:\/\/eris-ie.crfptic.es\/pt\/wp-json\/wp\/v2\/pages\/13\/revisions\/234"}],"wp:attachment":[{"href":"https:\/\/eris-ie.crfptic.es\/pt\/wp-json\/wp\/v2\/media?parent=13"}],"curies":[{"name":"wp","href":"https:\/\/api.w.org\/{rel}","templated":true}]}}