{"id":252,"date":"2025-11-04T17:04:18","date_gmt":"2025-11-04T17:04:18","guid":{"rendered":"https:\/\/eris-ie.crfptic.es\/?page_id=252"},"modified":"2025-12-15T17:01:59","modified_gmt":"2025-12-15T17:01:59","slug":"difusion","status":"publish","type":"page","link":"https:\/\/eris-ie.crfptic.es\/pt\/difusion\/","title":{"rendered":"Difus\u00e3o"},"content":{"rendered":"<div data-elementor-type=\"wp-page\" data-elementor-id=\"252\" class=\"elementor elementor-252\" data-elementor-post-type=\"page\">\n\t\t\t\t<div class=\"elementor-element elementor-element-1edad25 e-flex e-con-boxed e-con e-parent\" data-id=\"1edad25\" data-element_type=\"container\" data-settings=\"{&quot;background_background&quot;:&quot;classic&quot;,&quot;shape_divider_bottom&quot;:&quot;waves&quot;}\">\n\t\t\t\t\t<div class=\"e-con-inner\">\n\t\t\t\t<div class=\"elementor-shape elementor-shape-bottom\" aria-hidden=\"true\" data-negative=\"false\">\n\t\t\t<svg xmlns=\"http:\/\/www.w3.org\/2000\/svg\" viewbox=\"0 0 1000 100\" preserveaspectratio=\"none\">\n\t<path class=\"elementor-shape-fill\" d=\"M421.9,6.5c22.6-2.5,51.5,0.4,75.5,5.3c23.6,4.9,70.9,23.5,100.5,35.7c75.8,32.2,133.7,44.5,192.6,49.7\tc23.6,2.1,48.7,3.5,103.4-2.5c54.7-6,106.2-25.6,106.2-25.6V0H0v30.3c0,0,72,32.6,158.4,30.5c39.2-0.7,92.8-6.7,134-22.4\tc21.2-8.1,52.2-18.2,79.7-24.2C399.3,7.9,411.6,7.5,421.9,6.5z\"\/>\n<\/svg>\t\t<\/div>\n\t\t\t\t<div class=\"elementor-element elementor-element-36572a9 elementor-widget elementor-widget-heading\" data-id=\"36572a9\" data-element_type=\"widget\" data-widget_type=\"heading.default\">\n\t\t\t\t<div class=\"elementor-widget-container\">\n\t\t\t\t\t<h2 class=\"elementor-heading-title elementor-size-default\">Difus\u00e3o<\/h2>\t\t\t\t<\/div>\n\t\t\t\t<\/div>\n\t\t\t\t<div class=\"elementor-element elementor-element-8898dc3 elementor-widget-divider--view-line elementor-widget elementor-widget-divider\" data-id=\"8898dc3\" data-element_type=\"widget\" data-widget_type=\"divider.default\">\n\t\t\t\t<div class=\"elementor-widget-container\">\n\t\t\t\t\t\t\t<div class=\"elementor-divider\">\n\t\t\t<span class=\"elementor-divider-separator\">\n\t\t\t\t\t\t<\/span>\n\t\t<\/div>\n\t\t\t\t\t\t<\/div>\n\t\t\t\t<\/div>\n\t\t\t\t<div class=\"elementor-element elementor-element-023e6b8 elementor-invisible elementor-widget elementor-widget-image\" data-id=\"023e6b8\" data-element_type=\"widget\" data-settings=\"{&quot;_animation&quot;:&quot;fadeIn&quot;}\" data-widget_type=\"image.default\">\n\t\t\t\t<div class=\"elementor-widget-container\">\n\t\t\t\t\t\t\t\t\t\t\t\t\t\t\t<img fetchpriority=\"high\" decoding=\"async\" width=\"1393\" height=\"376\" src=\"https:\/\/eris-ie.crfptic.es\/wp-content\/uploads\/2025\/02\/Interreg-Logo-Espana-Portugal-RGB-Color-neg-03.png\" class=\"attachment-full size-full wp-image-181\" alt=\"\" srcset=\"https:\/\/eris-ie.crfptic.es\/wp-content\/uploads\/2025\/02\/Interreg-Logo-Espana-Portugal-RGB-Color-neg-03.png 1393w, https:\/\/eris-ie.crfptic.es\/wp-content\/uploads\/2025\/02\/Interreg-Logo-Espana-Portugal-RGB-Color-neg-03-300x81.png 300w, https:\/\/eris-ie.crfptic.es\/wp-content\/uploads\/2025\/02\/Interreg-Logo-Espana-Portugal-RGB-Color-neg-03-1024x276.png 1024w, https:\/\/eris-ie.crfptic.es\/wp-content\/uploads\/2025\/02\/Interreg-Logo-Espana-Portugal-RGB-Color-neg-03-768x207.png 768w, https:\/\/eris-ie.crfptic.es\/wp-content\/uploads\/2025\/02\/Interreg-Logo-Espana-Portugal-RGB-Color-neg-03-18x5.png 18w\" sizes=\"(max-width: 1393px) 100vw, 1393px\" \/>\t\t\t\t\t\t\t\t\t\t\t\t\t\t\t<\/div>\n\t\t\t\t<\/div>\n\t\t\t\t\t<\/div>\n\t\t\t\t<\/div>\n\t\t<div class=\"elementor-element elementor-element-62c1caf e-grid e-con-boxed elementor-invisible e-con e-child\" data-id=\"62c1caf\" data-element_type=\"container\" data-settings=\"{&quot;animation&quot;:&quot;zoomIn&quot;}\">\n\t\t\t\t\t<div class=\"e-con-inner\">\n\t\t\t\t<div class=\"elementor-element elementor-element-85a9f5e elementor-align-justify elementor-tablet-align-justify elementor-mobile-align-justify elementor-widget elementor-widget-button\" data-id=\"85a9f5e\" data-element_type=\"widget\" data-widget_type=\"button.default\">\n\t\t\t\t<div class=\"elementor-widget-container\">\n\t\t\t\t\t\t\t\t\t<div class=\"elementor-button-wrapper\">\n\t\t\t\t\t<a class=\"elementor-button elementor-button-link elementor-size-sm elementor-animation-push\" href=\"#conoce\">\n\t\t\t\t\t\t<span class=\"elementor-button-content-wrapper\">\n\t\t\t\t\t\t\t\t\t<span class=\"elementor-button-text\">Conoce m\u00e1s<\/span>\n\t\t\t\t\t<\/span>\n\t\t\t\t\t<\/a>\n\t\t\t\t<\/div>\n\t\t\t\t\t\t\t\t<\/div>\n\t\t\t\t<\/div>\n\t\t\t\t<div class=\"elementor-element elementor-element-9bc8a6b elementor-align-justify elementor-tablet-align-justify elementor-mobile-align-justify elementor-widget elementor-widget-button\" data-id=\"9bc8a6b\" data-element_type=\"widget\" data-widget_type=\"button.default\">\n\t\t\t\t<div class=\"elementor-widget-container\">\n\t\t\t\t\t\t\t\t\t<div class=\"elementor-button-wrapper\">\n\t\t\t\t\t<a class=\"elementor-button elementor-button-link elementor-size-sm elementor-animation-push\" href=\"#fotos\">\n\t\t\t\t\t\t<span class=\"elementor-button-content-wrapper\">\n\t\t\t\t\t\t\t\t\t<span class=\"elementor-button-text\">Fotograf\u00edas<\/span>\n\t\t\t\t\t<\/span>\n\t\t\t\t\t<\/a>\n\t\t\t\t<\/div>\n\t\t\t\t\t\t\t\t<\/div>\n\t\t\t\t<\/div>\n\t\t\t\t<div class=\"elementor-element elementor-element-da880cc elementor-align-justify elementor-tablet-align-justify elementor-mobile-align-justify elementor-widget elementor-widget-button\" data-id=\"da880cc\" data-element_type=\"widget\" data-widget_type=\"button.default\">\n\t\t\t\t<div class=\"elementor-widget-container\">\n\t\t\t\t\t\t\t\t\t<div class=\"elementor-button-wrapper\">\n\t\t\t\t\t<a class=\"elementor-button elementor-button-link elementor-size-sm elementor-animation-push\" href=\"#eventos\">\n\t\t\t\t\t\t<span class=\"elementor-button-content-wrapper\">\n\t\t\t\t\t\t\t\t\t<span class=\"elementor-button-text\">Eventos<\/span>\n\t\t\t\t\t<\/span>\n\t\t\t\t\t<\/a>\n\t\t\t\t<\/div>\n\t\t\t\t\t\t\t\t<\/div>\n\t\t\t\t<\/div>\n\t\t\t\t<div class=\"elementor-element elementor-element-db7407c elementor-widget elementor-widget-spacer\" data-id=\"db7407c\" data-element_type=\"widget\" data-widget_type=\"spacer.default\">\n\t\t\t\t<div class=\"elementor-widget-container\">\n\t\t\t\t\t\t\t<div class=\"elementor-spacer\">\n\t\t\t<div class=\"elementor-spacer-inner\"><\/div>\n\t\t<\/div>\n\t\t\t\t\t\t<\/div>\n\t\t\t\t<\/div>\n\t\t\t\t\t<\/div>\n\t\t\t\t<\/div>\n\t\t<div class=\"elementor-element elementor-element-a253dcb e-flex e-con-boxed elementor-invisible e-con e-parent\" data-id=\"a253dcb\" data-element_type=\"container\" id=\"conoce\" data-settings=\"{&quot;animation&quot;:&quot;fadeInUp&quot;}\">\n\t\t\t\t\t<div class=\"e-con-inner\">\n\t\t\t\t<div class=\"elementor-element elementor-element-fea40c6 elementor-widget elementor-widget-heading\" data-id=\"fea40c6\" data-element_type=\"widget\" data-widget_type=\"heading.default\">\n\t\t\t\t<div class=\"elementor-widget-container\">\n\t\t\t\t\t<h2 class=\"elementor-heading-title elementor-size-default\">Conoce m\u00e1s sobre el proyecto<\/h2>\t\t\t\t<\/div>\n\t\t\t\t<\/div>\n\t\t\t\t<div class=\"elementor-element elementor-element-480db59 elementor-widget elementor-widget-text-editor\" data-id=\"480db59\" data-element_type=\"widget\" data-widget_type=\"text-editor.default\">\n\t\t\t\t<div class=\"elementor-widget-container\">\n\t\t\t\t\t\t\t\t\t<table>\n<tbody>\n\n<tr>\n<td colspan=\"3\" width=\"566\">\n    <a href=\"https:\/\/view.genially.com\/68ee18a41643f7b23f7b36f1\" target=\"_blank\" rel=\"noopener\">\n        ERIS IE NAS REDES SOCIAIS\n    <\/a>\n<\/td>\n<\/tr>\n\n<tr>\n<td colspan=\"3\" width=\"566\">\n    <a href=\"https:\/\/eris-ie.crfptic.es\/wp-content\/uploads\/2025\/12\/ERIS-IE-en-la-prensa.pdf\" target=\"_blank\" rel=\"noopener\">\n        ERIS IE NA IMPRENSA\n    <\/a>\n<\/td>\n<\/tr>\n\n<tr>\n<td colspan=\"3\" width=\"566\">\n    <a href=\"https:\/\/eris-ie.crfptic.es\/wp-content\/uploads\/2025\/12\/ERIS-IE-en-eTwinning.pdf\" target=\"_blank\" rel=\"noopener\">\n        ERIS IE EN ETWINNING\n    <\/a>\n<\/td>\n<\/tr>\n\n<\/tbody>\n<\/table>\t\t\t\t\t\t\t\t<\/div>\n\t\t\t\t<\/div>\n\t\t\t\t<div class=\"elementor-element elementor-element-e7377e2 elementor-widget elementor-widget-html\" data-id=\"e7377e2\" data-element_type=\"widget\" data-widget_type=\"html.default\">\n\t\t\t\t<div class=\"elementor-widget-container\">\n\t\t\t\t\t<div class=\"genially-embed\">\n  <iframe src=\"https:\/\/view.genially.com\/68ee18a41643f7b23f7b36f1\" width=\"100%\" height=\"600\" frameborder=\"0\" allowfullscreen><\/iframe>\n<\/div>\t\t\t\t<\/div>\n\t\t\t\t<\/div>\n\t\t\t\t<div class=\"elementor-element elementor-element-4ee914c elementor-widget elementor-widget-spacer\" data-id=\"4ee914c\" data-element_type=\"widget\" id=\"fotos\" data-widget_type=\"spacer.default\">\n\t\t\t\t<div class=\"elementor-widget-container\">\n\t\t\t\t\t\t\t<div class=\"elementor-spacer\">\n\t\t\t<div class=\"elementor-spacer-inner\"><\/div>\n\t\t<\/div>\n\t\t\t\t\t\t<\/div>\n\t\t\t\t<\/div>\n\t\t\t\t<div class=\"elementor-element elementor-element-cc3581c elementor-widget elementor-widget-heading\" data-id=\"cc3581c\" data-element_type=\"widget\" data-widget_type=\"heading.default\">\n\t\t\t\t<div class=\"elementor-widget-container\">\n\t\t\t\t\t<h2 class=\"elementor-heading-title elementor-size-default\">Im\u00e1genes de los encuentros de alumnos y de sus proyectos de innovaci\u00f3n educativa<\/h2>\t\t\t\t<\/div>\n\t\t\t\t<\/div>\n\t\t\t\t<div class=\"elementor-element elementor-element-9529e6d elementor-widget elementor-widget-text-editor\" data-id=\"9529e6d\" data-element_type=\"widget\" data-widget_type=\"text-editor.default\">\n\t\t\t\t<div class=\"elementor-widget-container\">\n\t\t\t\t\t\t\t\t\t<div class=\"responsive-table\">\n<table>\n<tbody>\n\n\n\n<tr>\n<td width=\"325\"><strong>Escolas ERIS_IE<\/strong><\/td>\n<td width=\"124\"><strong>Encontros em Portugal<\/strong><\/td>\n<td width=\"118\"><strong>Encontros em Espa\u00f1a<\/strong><\/td>\n<\/tr>\n\n<!-- 1 -->\n<tr>\n<td width=\"325\">\n<a href=\"https:\/\/eris-ie.crfptic.es\/wp-content\/uploads\/2025\/11\/Album-de-fotografias_alumnos_01_IES-HMB_AE-Pinhel.mp4\" target=\"_blank\" rel=\"noopener\">\nIES Hermenegildo Mart\u00edn Borro, Cebreros (\u00c1vila)<br>\nAgrupamento de Escolas de Pinhel, Pinhel.\n<\/a>\n<\/td>\n<td width=\"124\">12 y 13 de junho<\/td>\n<td width=\"118\">15 y 16 de maio<\/td>\n<\/tr>\n\n<!-- 2 -->\n<tr>\n<td width=\"325\">\n<a href=\"https:\/\/eris-ie.crfptic.es\/wp-content\/uploads\/2025\/11\/Album-de-fotografias_alumnos_02_IES-Pablo-Diez_AE-Emidio-Garcia.mp4\" target=\"_blank\" rel=\"noopener\">\nIES Pablo D\u00edez, Bo\u00f1ar (Le\u00f3n)<br>\nAgrupamento de Escolas Em\u00eddio Garcia, Bragan\u00e7a\n<\/a>\n<\/td>\n<td width=\"124\">5 y 6 de maio<\/td>\n<td width=\"118\">22 y 23 de maio<\/td>\n<\/tr>\n\n<!-- 3 -->\n<tr>\n<td width=\"325\">\n<a href=\"https:\/\/eris-ie.crfptic.es\/wp-content\/uploads\/2025\/11\/Album-de-fotografias_alumnos_03_IES-Bergidum-Flavium_ES-Sao-Pedro.mp4\" target=\"_blank\" rel=\"noopener\">\nIES Bergidum Flavium, Cacabelos (Le\u00f3n)<br>\nEscola Secund\u00e1ria S\u00e3o Pedro, Vila Real.\n<\/a>\n<\/td>\n<td width=\"124\">2 y 3 de abril<\/td>\n<td width=\"118\">8 y 9 de maio<\/td>\n<\/tr>\n\n<!-- 4 -->\n<tr>\n<td width=\"325\">\n<a href=\"https:\/\/eris-ie.crfptic.es\/wp-content\/uploads\/2025\/11\/Album-de-fotografias_alumnos_04_IES-Obispo-Arguelles-AE-Dr-Julio-Martins.mp4\" target=\"_blank\" rel=\"noopener\">\nIES Obispo Arguelles, Villablino (Le\u00f3n)<br>\nAgrupamento de Escolas Dr. J\u00falio Martins, Chaves\n<\/a>\n<\/td>\n<td width=\"124\">19 y 20 de mar\u00e7o<\/td>\n<td width=\"118\">26 y 27 de mar\u00e7o<\/td>\n<\/tr>\n\n<!-- 5 -->\n<tr>\n<td width=\"325\">\n<a href=\"https:\/\/eris-ie.crfptic.es\/wp-content\/uploads\/2025\/11\/Album-de-fotografias_alumnos_05_IES-Tierra-de-Ciudad-Rodrigo_AE-Mirandela.mp4\" target=\"_blank\" rel=\"noopener\">\nIES Tierra de Ciudad Rodrigo, Ciudad Rodrigo (Salamanca)<br>\nAgrupamento de Escolas de Mirandela, Mirandela\n<\/a>\n<\/td>\n<td width=\"124\">28 y 29 abril<\/td>\n<td width=\"118\">20 y 21 maio<\/td>\n<\/tr>\n\n<!-- 6 -->\n<tr>\n<td width=\"325\">\n<a href=\"https:\/\/eris-ie.crfptic.es\/wp-content\/uploads\/2025\/11\/Album-de-fotografias_alumnos_06_IES-Ramos-de-Manzano_AE-Fundao.mp4\" target=\"_blank\" rel=\"noopener\">\nIES Ramos del Manzano, Vitigudino (Salamanca)<br>\nAgrupamento de Escolas do Fund\u00e3o, Fund\u00e3o\n<\/a>\n<\/td>\n<td width=\"124\">15 y 16 maio<\/td>\n<td width=\"118\">8 y 9 de maio<\/td>\n<\/tr>\n\n<!-- 7 -->\n<tr>\n<td width=\"325\">\n<a href=\"https:\/\/eris-ie.crfptic.es\/wp-content\/uploads\/2025\/11\/Album-de-fotografias_alumnos_08_IES-Juana-I_AE-Miranda-do-Douro-.mp4\" target=\"_blank\" rel=\"noopener\">\nIES Juana I de Castilla, Tordesillas (Valladolid)<br>\nAgrupamento de Escolas de Miranda do Douro, Miranda do Douro\n<\/a>\n<\/td>\n<td width=\"124\">6 y 7 de maio<\/td>\n<td width=\"118\">28 y 29 de maio<\/td>\n<\/tr>\n\n<!-- 8 -->\n<tr>\n<td width=\"325\">\n<a href=\"https:\/\/eris-ie.crfptic.es\/wp-content\/uploads\/2025\/11\/Album-de-fotografias_alumnos_07_IES-Jorge-Guillen_AE-Trancoso.mp4\" target=\"_blank\" rel=\"noopener\">\nIES Jorge Guill\u00e9n, Villal\u00f3n de Campos (Valladolid)<br>\nAgrupamento de Escolas de Trancoso, Trancoso\n<\/a>\n<\/td>\n<td width=\"124\">3 y 4 de abril<\/td>\n<td width=\"118\">13 y 14 de maio<\/td>\n<\/tr>\n\n<!-- 9 -->\n<tr>\n<td width=\"325\">\n<a href=\"https:\/\/eris-ie.crfptic.es\/wp-content\/uploads\/2025\/11\/Album-de-fotografias_alumnos_09_IES-Aliste_AE-Castro-Daire.mp4\" target=\"_blank\" rel=\"noopener\">\nIES Aliste, Alca\u00f1ices (Zamora)<br>\nAgrupamento de Escolas Castro Daire, Castro Daire\n<\/a>\n<\/td>\n<td width=\"124\">3 y 4 de abril<\/td>\n<td width=\"118\">12 y 13 de maio<\/td>\n<\/tr>\n\n<!-- 10 -->\n<tr>\n<td width=\"325\">\n<a href=\"https:\/\/eris-ie.crfptic.es\/wp-content\/uploads\/2025\/11\/Album-de-fotografias_alumnos_10_IES-Arribes_ES-Viriato.mp4\" target=\"_blank\" rel=\"noopener\">\nIES Arribes de Sayago, Bermillo de Sayago (Zamora)<br>\nEscola Secund\u00e1ria Viriato, Viseu\n<\/a>\n<\/td>\n<td width=\"124\">8 y 9 de maio<\/td>\n<td width=\"118\">29 y 30 de abril<\/td>\n<\/tr>\n\n<\/tbody>\n<\/table>\n<\/div>\t\t\t\t\t\t\t\t<\/div>\n\t\t\t\t<\/div>\n\t\t\t\t<div class=\"elementor-element elementor-element-8bc2ef9 elementor-widget elementor-widget-spacer\" data-id=\"8bc2ef9\" data-element_type=\"widget\" id=\"eventos\" data-widget_type=\"spacer.default\">\n\t\t\t\t<div class=\"elementor-widget-container\">\n\t\t\t\t\t\t\t<div class=\"elementor-spacer\">\n\t\t\t<div class=\"elementor-spacer-inner\"><\/div>\n\t\t<\/div>\n\t\t\t\t\t\t<\/div>\n\t\t\t\t<\/div>\n\t\t\t\t<div class=\"elementor-element elementor-element-745a0fc elementor-widget elementor-widget-heading\" data-id=\"745a0fc\" data-element_type=\"widget\" data-widget_type=\"heading.default\">\n\t\t\t\t<div class=\"elementor-widget-container\">\n\t\t\t\t\t<h2 class=\"elementor-heading-title elementor-size-default\">Eventos<\/h2>\t\t\t\t<\/div>\n\t\t\t\t<\/div>\n\t\t\t\t<div class=\"elementor-element elementor-element-6baf39e elementor-widget elementor-widget-text-editor\" data-id=\"6baf39e\" data-element_type=\"widget\" data-widget_type=\"text-editor.default\">\n\t\t\t\t<div class=\"elementor-widget-container\">\n\t\t\t\t\t\t\t\t\t<div class=\"responsive-table\"><table><tbody><tr><td colspan=\"3\" width=\"566\"><a href=\"https:\/\/eris-ie.crfptic.es\/wp-content\/uploads\/2025\/12\/Album-de-fotografias.mp4\" target=\"_blank\" rel=\"noopener\"><br \/>ACTO INICIAL, Zamora, 7 y 8 de noviembre de 2024<br \/><\/a><\/td><\/tr><tr><td colspan=\"3\" width=\"566\"><a href=\"https:\/\/eris-ie.crfptic.es\/wp-content\/uploads\/2025\/12\/Albuns-de-fotos.mp4\" target=\"_blank\" rel=\"noopener\"><br \/>ATO DE ENCERRAMENTO, Trancoso, 20, 21 y 22 de noviembre de 2025<br \/><\/a><\/td><\/tr><tr><td width=\"300\">JORNADA INTERNACIONALIZACyL<\/td><td width=\"150\"><a href=\"https:\/\/eris-ie.crfptic.es\/wp-content\/uploads\/2025\/12\/Jornada-Internacionalizacyl-1.pdf\" target=\"_blank\" rel=\"noopener\"><br \/>Jornada<br \/><\/a><\/td><td width=\"150\"><a href=\"https:\/\/eris-ie.crfptic.es\/wp-content\/uploads\/2025\/12\/Presentacion-jornada-internacionalizacyl.pdf\" target=\"_blank\" rel=\"noopener\"><br \/>Presentaci\u00f3n<br \/><\/a><\/td><\/tr><\/tbody><\/table><\/div>\t\t\t\t\t\t\t\t<\/div>\n\t\t\t\t<\/div>\n\t\t\t\t<div class=\"elementor-element elementor-element-c48e3ae elementor-widget elementor-widget-image\" data-id=\"c48e3ae\" data-element_type=\"widget\" data-widget_type=\"image.default\">\n\t\t\t\t<div class=\"elementor-widget-container\">\n\t\t\t\t\t\t\t\t\t\t\t\t\t\t\t<img decoding=\"async\" width=\"141\" height=\"107\" src=\"https:\/\/eris-ie.crfptic.es\/wp-content\/uploads\/2024\/11\/Logo-vertical.svg\" class=\"attachment-large size-large wp-image-56\" alt=\"\" \/>\t\t\t\t\t\t\t\t\t\t\t\t\t\t\t<\/div>\n\t\t\t\t<\/div>\n\t\t\t\t\t<\/div>\n\t\t\t\t<\/div>\n\t\t\t\t<\/div>","protected":false},"excerpt":{"rendered":"<p>Difusi\u00f3n Conoce m\u00e1s Fotograf\u00edas Eventos Conoce m\u00e1s sobre el proyecto ERIS IE EN REDES SOCIALES ERIS IE EN PRENSA ERIS IE EN ETWINNING Im\u00e1genes de los encuentros de alumnos y de sus proyectos de innovaci\u00f3n educativa Centros ERIS_IE Encuentros en Portugal Encuentros en Espa\u00f1a IES Hermenegildo Mart\u00edn Borro, Cebreros (\u00c1vila) Agrupamento de Escolas de Pinhel, [&hellip;]<\/p>","protected":false},"author":1,"featured_media":0,"parent":0,"menu_order":0,"comment_status":"closed","ping_status":"closed","template":"elementor_header_footer","meta":{"footnotes":""},"class_list":["post-252","page","type-page","status-publish","hentry"],"_links":{"self":[{"href":"https:\/\/eris-ie.crfptic.es\/pt\/wp-json\/wp\/v2\/pages\/252","targetHints":{"allow":["GET"]}}],"collection":[{"href":"https:\/\/eris-ie.crfptic.es\/pt\/wp-json\/wp\/v2\/pages"}],"about":[{"href":"https:\/\/eris-ie.crfptic.es\/pt\/wp-json\/wp\/v2\/types\/page"}],"author":[{"embeddable":true,"href":"https:\/\/eris-ie.crfptic.es\/pt\/wp-json\/wp\/v2\/users\/1"}],"replies":[{"embeddable":true,"href":"https:\/\/eris-ie.crfptic.es\/pt\/wp-json\/wp\/v2\/comments?post=252"}],"version-history":[{"count":52,"href":"https:\/\/eris-ie.crfptic.es\/pt\/wp-json\/wp\/v2\/pages\/252\/revisions"}],"predecessor-version":[{"id":395,"href":"https:\/\/eris-ie.crfptic.es\/pt\/wp-json\/wp\/v2\/pages\/252\/revisions\/395"}],"wp:attachment":[{"href":"https:\/\/eris-ie.crfptic.es\/pt\/wp-json\/wp\/v2\/media?parent=252"}],"curies":[{"name":"wp","href":"https:\/\/api.w.org\/{rel}","templated":true}]}}